{"id":7620,"date":"2023-07-06T04:24:59","date_gmt":"2023-07-06T04:24:59","guid":{"rendered":"https:\/\/www.codar.cl\/index\/?page_id=7620"},"modified":"2023-09-29T15:28:55","modified_gmt":"2023-09-29T15:28:55","slug":"cultura-2","status":"publish","type":"page","link":"https:\/\/www.codar.cl\/index\/cultura-2\/","title":{"rendered":"Cultura"},"content":{"rendered":"<p>[vc_row][vc_column cnt_spacing=&#8221;no&#8221;][vc_wp_text title=&#8221;Exposici\u00f3n de Fotograf\u00eda &#8220;Humedal de Re\u00f1aca en Colores&#8220;&#8221;][\/vc_wp_text][vc_column_text]El 23 de enero del 2020 se aprob\u00f3 la Ley de Humedales, (Ley 21.202) con lo cual se dio un importante paso para el reconocimiento de estos en Chile.\u00a0Se trata de una iniciativa que regula cu\u00e1les son las actividades que pueden llevarse a cabo dentro de los territorios de\u00a0<strong>humedales<\/strong>, qu\u00e9 actividades productivas pueden realizarse y de qu\u00e9 modos, teniendo en cuenta que son ecosistemas vitales para la reproducci\u00f3n de la vida y que por eso necesitan protecci\u00f3n especial.[\/vc_column_text][\/vc_column][\/vc_row][vc_row css_animation=&#8221;fadeInUp&#8221;][vc_column width=&#8221;2\/3&#8243;]\t\n\t<!-- Slider Section -->\n\t<div class=\"container-fluid no-left-padding no-right-padding slider-section slider-section2\">\n\t\t<div class=\"image-loader spinner-image\">\n\t\t\t<div class=\"spinner\">\n\t\t\t\t<div class=\"dot1\"><\/div>\n\t\t\t\t<div class=\"dot2\"><\/div>\n\t\t\t\t<div class=\"bounce1\"><\/div>\n\t\t\t\t<div class=\"bounce2\"><\/div>\n\t\t\t\t<div class=\"bounce3\"><\/div>\n\t\t\t<\/div>\n\t\t<\/div>\n\t\t<!-- Container -->\n\t\t<div class=\"container no-padding\">\n\t\t\t<div id=\"slider-carousel-2\" class=\"carousel slide\" data-ride=\"carousel\">\n\t\t\t\t<div class=\"carousel-inner\" role=\"listbox\">\n\t\t\t\t\t\t\t\t\t\t\t\t\t<div class=\"carousel-item active\">\n\t\t\t\t\t\t\t\t\t<div class=\"row\">\n\t\t\t\t\t\t\t\t\t\t<div class=\"col-lg-8 col-sm-12 post-block post-big\">\n\t\t\t\t\t\t\t\t\t\t\t\t\t\t\t\t\t\t<div class=\"post-box 1\">\n\t\t\t\t\t\t\t\t\t<img fetchpriority=\"high\" decoding=\"async\" width=\"770\" height=\"500\" src=\"https:\/\/www.codar.cl\/index\/wp-content\/uploads\/2023\/09\/Humedal-despues-de-la-lluvia-770x500.jpg\" class=\"attachment-minimag_770_500 size-minimag_770_500 wp-post-image\" alt=\"\" srcset=\"https:\/\/www.codar.cl\/index\/wp-content\/uploads\/2023\/09\/Humedal-despues-de-la-lluvia-770x500.jpg 770w, https:\/\/www.codar.cl\/index\/wp-content\/uploads\/2023\/09\/Humedal-despues-de-la-lluvia-370x241.jpg 370w\" sizes=\"(max-width: 770px) 100vw, 770px\" \/>\t\t\t\t\t\t\t\t\t<div class=\"entry-content\">\n\t\t\t\t\t\t\t\t\t\t\t\t\t\t\t\t\t\t\t\t<h3><a href=\"https:\/\/www.codar.cl\/index\/dia-internacional-de-los-humedales-te-invitamos-a-recorrerlos-protegelo\/\" title=\"D\u00eda Internacional de los humedales. Te invitamos a recorrerlos. \u00a1Prot\u00e9gelo!\">D\u00eda Internacional de los humedales. Te invitamos a recorrerlos. \u00a1Prot\u00e9gelo!<\/a><\/h3>\n\t\t\t\t\t\t\t\t\t\t<a href=\"https:\/\/www.codar.cl\/index\/dia-internacional-de-los-humedales-te-invitamos-a-recorrerlos-protegelo\/\" title=\"Leer m\u00e1s\">\n\t\t\t\t\t\t\t\t\t\t\tLeer m\u00e1s\t\t\t\t\t\t\t\t\t\t<\/a>\n\t\t\t\t\t\t\t\t\t<\/div>\n\t\t\t\t\t\t\t\t<\/div>\n\t\t\t\t\t\t\t\t<\/div> <div class=\"col-lg-4 col-sm-12 post-block post-thumb\"> \t\t\t\t\t\t\t\t<div class=\"post-box 2\">\n\t\t\t\t\t\t\t\t\t<img decoding=\"async\" width=\"396\" height=\"248\" src=\"https:\/\/www.codar.cl\/index\/wp-content\/uploads\/2023\/09\/2.-24-El-color-en-los-detalles-396x248.jpg\" class=\"attachment-minimag_396_248 size-minimag_396_248 wp-post-image\" alt=\"\" \/>\t\t\t\t\t\t\t\t\t<div class=\"entry-content\">\n\t\t\t\t\t\t\t\t\t\t\t\t\t\t\t\t\t\t\t\t<h3><a href=\"https:\/\/www.codar.cl\/index\/el-color-enlos-detalles\/\" title=\"El color en los detalles\">El color en los detalles<\/a><\/h3>\n\t\t\t\t\t\t\t\t\t\t<a href=\"https:\/\/www.codar.cl\/index\/el-color-enlos-detalles\/\" title=\"Leer m\u00e1s\">\n\t\t\t\t\t\t\t\t\t\t\tLeer m\u00e1s\t\t\t\t\t\t\t\t\t\t<\/a>\n\t\t\t\t\t\t\t\t\t<\/div>\n\t\t\t\t\t\t\t\t<\/div>\n\t\t\t\t\t\t\t\t\t\t\t\t\t\t\t\t<div class=\"post-box 3\">\n\t\t\t\t\t\t\t\t\t<img decoding=\"async\" width=\"396\" height=\"248\" src=\"https:\/\/www.codar.cl\/index\/wp-content\/uploads\/2023\/09\/2.-39-Antorcha-del-Chaual-396x248.jpg\" class=\"attachment-minimag_396_248 size-minimag_396_248 wp-post-image\" alt=\"\" \/>\t\t\t\t\t\t\t\t\t<div class=\"entry-content\">\n\t\t\t\t\t\t\t\t\t\t\t\t\t\t\t\t\t\t\t\t<h3><a href=\"https:\/\/www.codar.cl\/index\/antorcha-de-chagual\/\" title=\"Antorcha de Chagual\">Antorcha de Chagual<\/a><\/h3>\n\t\t\t\t\t\t\t\t\t\t<a href=\"https:\/\/www.codar.cl\/index\/antorcha-de-chagual\/\" title=\"Leer m\u00e1s\">\n\t\t\t\t\t\t\t\t\t\t\tLeer m\u00e1s\t\t\t\t\t\t\t\t\t\t<\/a>\n\t\t\t\t\t\t\t\t\t<\/div>\n\t\t\t\t\t\t\t\t<\/div>\n\t\t\t\t\t\t\t\t<\/div><\/div><\/div>\t\t\t\t\t\t\t\t<div class=\"carousel-item\">\n\t\t\t\t\t\t\t\t\t<div class=\"row\">\n\t\t\t\t\t\t\t\t\t\t<div class=\"col-lg-8 col-sm-12 post-block post-big\">\n\t\t\t\t\t\t\t\t\t\t\t\t\t\t\t\t\t\t<div class=\"post-box 1\">\n\t\t\t\t\t\t\t\t\t<img loading=\"lazy\" decoding=\"async\" width=\"680\" height=\"453\" src=\"https:\/\/www.codar.cl\/index\/wp-content\/uploads\/2023\/09\/4.-34-Descanso-escondido.jpg\" class=\"attachment-minimag_770_500 size-minimag_770_500 wp-post-image\" alt=\"\" srcset=\"https:\/\/www.codar.cl\/index\/wp-content\/uploads\/2023\/09\/4.-34-Descanso-escondido.jpg 680w, https:\/\/www.codar.cl\/index\/wp-content\/uploads\/2023\/09\/4.-34-Descanso-escondido-300x200.jpg 300w, https:\/\/www.codar.cl\/index\/wp-content\/uploads\/2023\/09\/4.-34-Descanso-escondido-345x230.jpg 345w, https:\/\/www.codar.cl\/index\/wp-content\/uploads\/2023\/09\/4.-34-Descanso-escondido-370x247.jpg 370w, https:\/\/www.codar.cl\/index\/wp-content\/uploads\/2023\/09\/4.-34-Descanso-escondido-440x294.jpg 440w, https:\/\/www.codar.cl\/index\/wp-content\/uploads\/2023\/09\/4.-34-Descanso-escondido-570x380.jpg 570w, https:\/\/www.codar.cl\/index\/wp-content\/uploads\/2023\/09\/4.-34-Descanso-escondido-170x113.jpg 170w\" sizes=\"(max-width: 680px) 100vw, 680px\" \/>\t\t\t\t\t\t\t\t\t<div class=\"entry-content\">\n\t\t\t\t\t\t\t\t\t\t\t\t\t\t\t\t\t\t\t\t<h3><a href=\"https:\/\/www.codar.cl\/index\/descanso-escondido\/\" title=\"Descanso Escondido\">Descanso Escondido<\/a><\/h3>\n\t\t\t\t\t\t\t\t\t\t<a href=\"https:\/\/www.codar.cl\/index\/descanso-escondido\/\" title=\"Leer m\u00e1s\">\n\t\t\t\t\t\t\t\t\t\t\tLeer m\u00e1s\t\t\t\t\t\t\t\t\t\t<\/a>\n\t\t\t\t\t\t\t\t\t<\/div>\n\t\t\t\t\t\t\t\t<\/div>\n\t\t\t\t\t\t\t\t<\/div> <div class=\"col-lg-4 col-sm-12 post-block post-thumb\"> \t\t\t\t\t\t\t\t<div class=\"post-box 2\">\n\t\t\t\t\t\t\t\t\t<img loading=\"lazy\" decoding=\"async\" width=\"396\" height=\"248\" src=\"https:\/\/www.codar.cl\/index\/wp-content\/uploads\/2023\/09\/Florecer-en-el-Humedal-396x248.jpg\" class=\"attachment-minimag_396_248 size-minimag_396_248 wp-post-image\" alt=\"\" \/>\t\t\t\t\t\t\t\t\t<div class=\"entry-content\">\n\t\t\t\t\t\t\t\t\t\t\t\t\t\t\t\t\t\t\t\t<h3><a href=\"https:\/\/www.codar.cl\/index\/florecer-en-el-humedal\/\" title=\"Florecer en el Humedal\">Florecer en el Humedal<\/a><\/h3>\n\t\t\t\t\t\t\t\t\t\t<a href=\"https:\/\/www.codar.cl\/index\/florecer-en-el-humedal\/\" title=\"Leer m\u00e1s\">\n\t\t\t\t\t\t\t\t\t\t\tLeer m\u00e1s\t\t\t\t\t\t\t\t\t\t<\/a>\n\t\t\t\t\t\t\t\t\t<\/div>\n\t\t\t\t\t\t\t\t<\/div>\n\t\t\t\t\t\t\t\t\t\t\t\t\t\t\t\t<div class=\"post-box 3\">\n\t\t\t\t\t\t\t\t\t<img loading=\"lazy\" decoding=\"async\" width=\"396\" height=\"248\" src=\"https:\/\/www.codar.cl\/index\/wp-content\/uploads\/2023\/09\/Asiento-para-contemplar-396x248.jpg\" class=\"attachment-minimag_396_248 size-minimag_396_248 wp-post-image\" alt=\"\" \/>\t\t\t\t\t\t\t\t\t<div class=\"entry-content\">\n\t\t\t\t\t\t\t\t\t\t\t\t\t\t\t\t\t\t\t\t<h3><a href=\"https:\/\/www.codar.cl\/index\/asiento-para-contemplar\/\" title=\"Asiento para contemplar\">Asiento para contemplar<\/a><\/h3>\n\t\t\t\t\t\t\t\t\t\t<a href=\"https:\/\/www.codar.cl\/index\/asiento-para-contemplar\/\" title=\"Leer m\u00e1s\">\n\t\t\t\t\t\t\t\t\t\t\tLeer m\u00e1s\t\t\t\t\t\t\t\t\t\t<\/a>\n\t\t\t\t\t\t\t\t\t<\/div>\n\t\t\t\t\t\t\t\t<\/div>\n\t\t\t\t\t\t\t\t<\/div><\/div><\/div>\t\t\t\t<\/div>\n\t\t\t\t<a class=\"carousel-control-prev\" href=\"#slider-carousel-2\" role=\"button\" data-slide=\"prev\">\n\t\t\t\t\t<span class=\"carousel-control-prev-icon\" aria-hidden=\"true\"><\/span>\n\t\t\t\t<\/a>\n\t\t\t\t<a class=\"carousel-control-next\" href=\"#slider-carousel-2\" role=\"button\" data-slide=\"next\">\n\t\t\t\t\t<span class=\"carousel-control-next-icon\" aria-hidden=\"true\"><\/span>\n\t\t\t\t<\/a>\n\t\t\t<\/div>\n\t\t<\/div><!-- Container \/- -->\n\t<\/div><!-- Slider Section \/- -->\n\t\t\n\t[\/vc_column][vc_column width=&#8221;1\/3&#8243;][vc_single_image image=&#8221;7922&#8243; img_size=&#8221;full&#8221;][\/vc_column][\/vc_row][vc_row css_animation=&#8221;fadeInUp&#8221; spadding=&#8221;spaddingtop&#8221;][vc_column width=&#8221;1\/2&#8243; offset=&#8221;vc_col-lg-8 vc_col-md-8&#8243;]\t\t<!-- Page Content -->\n\t\t<div class=\"container-fluid no-left-padding no-right-padding blog-paralle-post post-layout-one\">\n\t\t\t<!-- Container -->\n\t\t\t<div class=\"container no-padding\">\n\t\t\t\t<!-- Row -->\n\t\t\t\t<div class=\"row\">\n\t\t\t\t\t\t\t\t\t\t\t<div class=\"col-12 col-md-12 col-sm-6 blog-paralle\">\n\t\t\t\t\t\t\t<div class=\"post-8196 post type-post status-publish format-standard has-post-thumbnail hentry category-humedal-costero category-noticias\">\n\t\t\t\t\t\t\t\t\t\t\t\t\t\t\t\t\t\t<div class=\"entry-cover\">\n\t\t\t\t\t\t\t\t\t\t\t<div class=\"post-meta\">\n\t\t\t\t\t\t\t\t\t\t\t\t<span class=\"byline\">Por\t\t\t\t\t\t\t\t\t\t\t\t\t<a href=\"https:\/\/www.codar.cl\/index\/author\/borrar\/\" title=\"Codar\">Codar<\/a>\n\t\t\t\t\t\t\t\t\t\t\t\t<\/span>\n\t\t\t\t\t\t\t\t\t\t\t\t<span class=\"post-date\">\n\t\t\t\t\t\t\t\t\t\t\t\t\t<a href=\"https:\/\/www.codar.cl\/index\/dia-internacional-de-los-humedales-te-invitamos-a-recorrerlos-protegelo\/\">2 febrero, 2024<\/a>\n\t\t\t\t\t\t\t\t\t\t\t\t<\/span>\n\t\t\t\t\t\t\t\t\t\t\t<\/div>\n\t\t\t\t\t\t\t\t\t\t\t<a href=\"https:\/\/www.codar.cl\/index\/dia-internacional-de-los-humedales-te-invitamos-a-recorrerlos-protegelo\/\">\n\t\t\t\t\t\t\t\t\t\t\t\t<img loading=\"lazy\" decoding=\"async\" width=\"370\" height=\"247\" src=\"https:\/\/www.codar.cl\/index\/wp-content\/uploads\/2023\/09\/Humedal-despues-de-la-lluvia-370x247.jpg\" class=\"attachment-minimag_370_247 size-minimag_370_247 wp-post-image\" alt=\"\" srcset=\"https:\/\/www.codar.cl\/index\/wp-content\/uploads\/2023\/09\/Humedal-despues-de-la-lluvia-370x247.jpg 370w, https:\/\/www.codar.cl\/index\/wp-content\/uploads\/2023\/09\/Humedal-despues-de-la-lluvia-300x200.jpg 300w, https:\/\/www.codar.cl\/index\/wp-content\/uploads\/2023\/09\/Humedal-despues-de-la-lluvia-768x512.jpg 768w, https:\/\/www.codar.cl\/index\/wp-content\/uploads\/2023\/09\/Humedal-despues-de-la-lluvia-345x230.jpg 345w, https:\/\/www.codar.cl\/index\/wp-content\/uploads\/2023\/09\/Humedal-despues-de-la-lluvia-440x294.jpg 440w, https:\/\/www.codar.cl\/index\/wp-content\/uploads\/2023\/09\/Humedal-despues-de-la-lluvia-570x380.jpg 570w, https:\/\/www.codar.cl\/index\/wp-content\/uploads\/2023\/09\/Humedal-despues-de-la-lluvia-170x113.jpg 170w, https:\/\/www.codar.cl\/index\/wp-content\/uploads\/2023\/09\/Humedal-despues-de-la-lluvia.jpg 770w\" sizes=\"(max-width: 370px) 100vw, 370px\" \/>\t\t\t\t\t\t\t\t\t\t\t<\/a>\n\t\t\t\t\t\t\t\t\t\t<\/div>\n\t\t\t\t\t\t\t\t\t\t\t\t\t\t\t\t\t\t<div class=\"entry-content\">\n\t\t\t\t\t\t\t\t\t<div class=\"entry-header\">\t\n\t\t\t\t\t\t\t\t\t\t\t\t\t\t\t\t\t\t\t\t<h3 class=\"entry-title\">\n\t\t\t\t\t\t\t\t\t\t\t<a href=\"https:\/\/www.codar.cl\/index\/dia-internacional-de-los-humedales-te-invitamos-a-recorrerlos-protegelo\/\" title=\"D\u00eda Internacional de los humedales. Te invitamos a recorrerlos. \u00a1Prot\u00e9gelo!\">D\u00eda Internacional de los humedales. Te invitamos a recorrerlos. \u00a1Prot\u00e9gelo!<\/a>\n\t\t\t\t\t\t\t\t\t\t<\/h3>\n\t\t\t\t\t\t\t\t\t<\/div>\t\t\t\t\t\t\t\t\n\t\t\t\t\t\t\t\t\t<p>https:\/\/www.youtube.com\/watch?v=hgwI4uhoN-g\n\n\n\n\n\nhttps:\/\/www.youtube.com\/watch?v=PeMPLAKLAs8&feature=youtu.be<\/p>\n\t\t\t\t\t\t\t\t\t<a href=\"https:\/\/www.codar.cl\/index\/dia-internacional-de-los-humedales-te-invitamos-a-recorrerlos-protegelo\/\" title=\"Leer m\u00e1s\">\n\t\t\t\t\t\t\t\t\t\tLeer m\u00e1s\t\t\t\t\t\t\t\t\t<\/a>\n\t\t\t\t\t\t\t\t<\/div>\n\t\t\t\t\t\t\t<\/div>\n\t\t\t\t\t\t<\/div>\n\t\t\t\t\t\t\t\t\t\t\t\t<div class=\"col-12 col-md-12 col-sm-6 blog-paralle\">\n\t\t\t\t\t\t\t<div class=\"post-7892 post type-post status-publish format-standard has-post-thumbnail hentry category-humedal-costero\">\n\t\t\t\t\t\t\t\t\t\t\t\t\t\t\t\t\t\t<div class=\"entry-cover\">\n\t\t\t\t\t\t\t\t\t\t\t<div class=\"post-meta\">\n\t\t\t\t\t\t\t\t\t\t\t\t<span class=\"byline\">Por\t\t\t\t\t\t\t\t\t\t\t\t\t<a href=\"https:\/\/www.codar.cl\/index\/author\/borrar\/\" title=\"Codar\">Codar<\/a>\n\t\t\t\t\t\t\t\t\t\t\t\t<\/span>\n\t\t\t\t\t\t\t\t\t\t\t\t<span class=\"post-date\">\n\t\t\t\t\t\t\t\t\t\t\t\t\t<a href=\"https:\/\/www.codar.cl\/index\/el-color-enlos-detalles\/\">12 septiembre, 2023<\/a>\n\t\t\t\t\t\t\t\t\t\t\t\t<\/span>\n\t\t\t\t\t\t\t\t\t\t\t<\/div>\n\t\t\t\t\t\t\t\t\t\t\t<a href=\"https:\/\/www.codar.cl\/index\/el-color-enlos-detalles\/\">\n\t\t\t\t\t\t\t\t\t\t\t\t<img loading=\"lazy\" decoding=\"async\" width=\"370\" height=\"247\" src=\"https:\/\/www.codar.cl\/index\/wp-content\/uploads\/2023\/09\/2.-24-El-color-en-los-detalles-370x247.jpg\" class=\"attachment-minimag_370_247 size-minimag_370_247 wp-post-image\" alt=\"\" srcset=\"https:\/\/www.codar.cl\/index\/wp-content\/uploads\/2023\/09\/2.-24-El-color-en-los-detalles-370x247.jpg 370w, https:\/\/www.codar.cl\/index\/wp-content\/uploads\/2023\/09\/2.-24-El-color-en-los-detalles-300x200.jpg 300w, https:\/\/www.codar.cl\/index\/wp-content\/uploads\/2023\/09\/2.-24-El-color-en-los-detalles-345x230.jpg 345w, https:\/\/www.codar.cl\/index\/wp-content\/uploads\/2023\/09\/2.-24-El-color-en-los-detalles-440x294.jpg 440w, https:\/\/www.codar.cl\/index\/wp-content\/uploads\/2023\/09\/2.-24-El-color-en-los-detalles-570x380.jpg 570w, https:\/\/www.codar.cl\/index\/wp-content\/uploads\/2023\/09\/2.-24-El-color-en-los-detalles-170x113.jpg 170w, https:\/\/www.codar.cl\/index\/wp-content\/uploads\/2023\/09\/2.-24-El-color-en-los-detalles.jpg 680w\" sizes=\"(max-width: 370px) 100vw, 370px\" \/>\t\t\t\t\t\t\t\t\t\t\t<\/a>\n\t\t\t\t\t\t\t\t\t\t<\/div>\n\t\t\t\t\t\t\t\t\t\t\t\t\t\t\t\t\t\t<div class=\"entry-content\">\n\t\t\t\t\t\t\t\t\t<div class=\"entry-header\">\t\n\t\t\t\t\t\t\t\t\t\t\t\t\t\t\t\t\t\t\t\t<h3 class=\"entry-title\">\n\t\t\t\t\t\t\t\t\t\t\t<a href=\"https:\/\/www.codar.cl\/index\/el-color-enlos-detalles\/\" title=\"El color en los detalles\">El color en los detalles<\/a>\n\t\t\t\t\t\t\t\t\t\t<\/h3>\n\t\t\t\t\t\t\t\t\t<\/div>\t\t\t\t\t\t\t\t\n\t\t\t\t\t\t\t\t\t<p>Pon atenci\u00f3n a los detalles que la naturaleza te brinda, siempre te sorprender\u00e1.<\/p>\n\t\t\t\t\t\t\t\t\t<a href=\"https:\/\/www.codar.cl\/index\/el-color-enlos-detalles\/\" title=\"Leer m\u00e1s\">\n\t\t\t\t\t\t\t\t\t\tLeer m\u00e1s\t\t\t\t\t\t\t\t\t<\/a>\n\t\t\t\t\t\t\t\t<\/div>\n\t\t\t\t\t\t\t<\/div>\n\t\t\t\t\t\t<\/div>\n\t\t\t\t\t\t\t\t\t\t\t\t<div class=\"col-12 col-md-12 col-sm-6 blog-paralle\">\n\t\t\t\t\t\t\t<div class=\"post-7884 post type-post status-publish format-standard has-post-thumbnail hentry category-humedal-costero\">\n\t\t\t\t\t\t\t\t\t\t\t\t\t\t\t\t\t\t<div class=\"entry-cover\">\n\t\t\t\t\t\t\t\t\t\t\t<div class=\"post-meta\">\n\t\t\t\t\t\t\t\t\t\t\t\t<span class=\"byline\">Por\t\t\t\t\t\t\t\t\t\t\t\t\t<a href=\"https:\/\/www.codar.cl\/index\/author\/borrar\/\" title=\"Codar\">Codar<\/a>\n\t\t\t\t\t\t\t\t\t\t\t\t<\/span>\n\t\t\t\t\t\t\t\t\t\t\t\t<span class=\"post-date\">\n\t\t\t\t\t\t\t\t\t\t\t\t\t<a href=\"https:\/\/www.codar.cl\/index\/antorcha-de-chagual\/\">12 septiembre, 2023<\/a>\n\t\t\t\t\t\t\t\t\t\t\t\t<\/span>\n\t\t\t\t\t\t\t\t\t\t\t<\/div>\n\t\t\t\t\t\t\t\t\t\t\t<a href=\"https:\/\/www.codar.cl\/index\/antorcha-de-chagual\/\">\n\t\t\t\t\t\t\t\t\t\t\t\t<img loading=\"lazy\" decoding=\"async\" width=\"370\" height=\"247\" src=\"https:\/\/www.codar.cl\/index\/wp-content\/uploads\/2023\/09\/2.-39-Antorcha-del-Chaual-370x247.jpg\" class=\"attachment-minimag_370_247 size-minimag_370_247 wp-post-image\" alt=\"\" srcset=\"https:\/\/www.codar.cl\/index\/wp-content\/uploads\/2023\/09\/2.-39-Antorcha-del-Chaual-370x247.jpg 370w, https:\/\/www.codar.cl\/index\/wp-content\/uploads\/2023\/09\/2.-39-Antorcha-del-Chaual-345x230.jpg 345w, https:\/\/www.codar.cl\/index\/wp-content\/uploads\/2023\/09\/2.-39-Antorcha-del-Chaual-440x294.jpg 440w, https:\/\/www.codar.cl\/index\/wp-content\/uploads\/2023\/09\/2.-39-Antorcha-del-Chaual-170x113.jpg 170w\" sizes=\"(max-width: 370px) 100vw, 370px\" \/>\t\t\t\t\t\t\t\t\t\t\t<\/a>\n\t\t\t\t\t\t\t\t\t\t<\/div>\n\t\t\t\t\t\t\t\t\t\t\t\t\t\t\t\t\t\t<div class=\"entry-content\">\n\t\t\t\t\t\t\t\t\t<div class=\"entry-header\">\t\n\t\t\t\t\t\t\t\t\t\t\t\t\t\t\t\t\t\t\t\t<h3 class=\"entry-title\">\n\t\t\t\t\t\t\t\t\t\t\t<a href=\"https:\/\/www.codar.cl\/index\/antorcha-de-chagual\/\" title=\"Antorcha de Chagual\">Antorcha de Chagual<\/a>\n\t\t\t\t\t\t\t\t\t\t<\/h3>\n\t\t\t\t\t\t\t\t\t<\/div>\t\t\t\t\t\t\t\t\n\t\t\t\t\t\t\t\t\t<p>Especie nativa en estado de bot\u00f3n, se destaca su forma escult\u00f3rica y esbelta entre la vegetaci\u00f3n baja.<\/p>\n\t\t\t\t\t\t\t\t\t<a href=\"https:\/\/www.codar.cl\/index\/antorcha-de-chagual\/\" title=\"Leer m\u00e1s\">\n\t\t\t\t\t\t\t\t\t\tLeer m\u00e1s\t\t\t\t\t\t\t\t\t<\/a>\n\t\t\t\t\t\t\t\t<\/div>\n\t\t\t\t\t\t\t<\/div>\n\t\t\t\t\t\t<\/div>\n\t\t\t\t\t\t\t\t\t\t\t\t<div class=\"col-12 col-md-12 col-sm-6 blog-paralle\">\n\t\t\t\t\t\t\t<div class=\"post-7881 post type-post status-publish format-standard has-post-thumbnail hentry category-humedal-costero\">\n\t\t\t\t\t\t\t\t\t\t\t\t\t\t\t\t\t\t<div class=\"entry-cover\">\n\t\t\t\t\t\t\t\t\t\t\t<div class=\"post-meta\">\n\t\t\t\t\t\t\t\t\t\t\t\t<span class=\"byline\">Por\t\t\t\t\t\t\t\t\t\t\t\t\t<a href=\"https:\/\/www.codar.cl\/index\/author\/borrar\/\" title=\"Codar\">Codar<\/a>\n\t\t\t\t\t\t\t\t\t\t\t\t<\/span>\n\t\t\t\t\t\t\t\t\t\t\t\t<span class=\"post-date\">\n\t\t\t\t\t\t\t\t\t\t\t\t\t<a href=\"https:\/\/www.codar.cl\/index\/descanso-escondido\/\">12 septiembre, 2023<\/a>\n\t\t\t\t\t\t\t\t\t\t\t\t<\/span>\n\t\t\t\t\t\t\t\t\t\t\t<\/div>\n\t\t\t\t\t\t\t\t\t\t\t<a href=\"https:\/\/www.codar.cl\/index\/descanso-escondido\/\">\n\t\t\t\t\t\t\t\t\t\t\t\t<img loading=\"lazy\" decoding=\"async\" width=\"370\" height=\"247\" src=\"https:\/\/www.codar.cl\/index\/wp-content\/uploads\/2023\/09\/4.-34-Descanso-escondido-370x247.jpg\" class=\"attachment-minimag_370_247 size-minimag_370_247 wp-post-image\" alt=\"\" srcset=\"https:\/\/www.codar.cl\/index\/wp-content\/uploads\/2023\/09\/4.-34-Descanso-escondido-370x247.jpg 370w, https:\/\/www.codar.cl\/index\/wp-content\/uploads\/2023\/09\/4.-34-Descanso-escondido-300x200.jpg 300w, https:\/\/www.codar.cl\/index\/wp-content\/uploads\/2023\/09\/4.-34-Descanso-escondido-345x230.jpg 345w, https:\/\/www.codar.cl\/index\/wp-content\/uploads\/2023\/09\/4.-34-Descanso-escondido-440x294.jpg 440w, https:\/\/www.codar.cl\/index\/wp-content\/uploads\/2023\/09\/4.-34-Descanso-escondido-570x380.jpg 570w, https:\/\/www.codar.cl\/index\/wp-content\/uploads\/2023\/09\/4.-34-Descanso-escondido-170x113.jpg 170w, https:\/\/www.codar.cl\/index\/wp-content\/uploads\/2023\/09\/4.-34-Descanso-escondido.jpg 680w\" sizes=\"(max-width: 370px) 100vw, 370px\" \/>\t\t\t\t\t\t\t\t\t\t\t<\/a>\n\t\t\t\t\t\t\t\t\t\t<\/div>\n\t\t\t\t\t\t\t\t\t\t\t\t\t\t\t\t\t\t<div class=\"entry-content\">\n\t\t\t\t\t\t\t\t\t<div class=\"entry-header\">\t\n\t\t\t\t\t\t\t\t\t\t\t\t\t\t\t\t\t\t\t\t<h3 class=\"entry-title\">\n\t\t\t\t\t\t\t\t\t\t\t<a href=\"https:\/\/www.codar.cl\/index\/descanso-escondido\/\" title=\"Descanso Escondido\">Descanso Escondido<\/a>\n\t\t\t\t\t\t\t\t\t\t<\/h3>\n\t\t\t\t\t\t\t\t\t<\/div>\t\t\t\t\t\t\t\t\n\t\t\t\t\t\t\t\t\t<p>Huairavo (Ixobrychus involucris) descansando escondido entre las ramas de un arbusto al costado del puente.<\/p>\n\t\t\t\t\t\t\t\t\t<a href=\"https:\/\/www.codar.cl\/index\/descanso-escondido\/\" title=\"Leer m\u00e1s\">\n\t\t\t\t\t\t\t\t\t\tLeer m\u00e1s\t\t\t\t\t\t\t\t\t<\/a>\n\t\t\t\t\t\t\t\t<\/div>\n\t\t\t\t\t\t\t<\/div>\n\t\t\t\t\t\t<\/div>\n\t\t\t\t\t\t\t\t\t\t\t\t<div class=\"col-12 col-md-12 col-sm-6 blog-paralle\">\n\t\t\t\t\t\t\t<div class=\"post-7859 post type-post status-publish format-standard has-post-thumbnail hentry category-humedal-costero\">\n\t\t\t\t\t\t\t\t\t\t\t\t\t\t\t\t\t\t<div class=\"entry-cover\">\n\t\t\t\t\t\t\t\t\t\t\t<div class=\"post-meta\">\n\t\t\t\t\t\t\t\t\t\t\t\t<span class=\"byline\">Por\t\t\t\t\t\t\t\t\t\t\t\t\t<a href=\"https:\/\/www.codar.cl\/index\/author\/borrar\/\" title=\"Codar\">Codar<\/a>\n\t\t\t\t\t\t\t\t\t\t\t\t<\/span>\n\t\t\t\t\t\t\t\t\t\t\t\t<span class=\"post-date\">\n\t\t\t\t\t\t\t\t\t\t\t\t\t<a href=\"https:\/\/www.codar.cl\/index\/florecer-en-el-humedal\/\">11 septiembre, 2023<\/a>\n\t\t\t\t\t\t\t\t\t\t\t\t<\/span>\n\t\t\t\t\t\t\t\t\t\t\t<\/div>\n\t\t\t\t\t\t\t\t\t\t\t<a href=\"https:\/\/www.codar.cl\/index\/florecer-en-el-humedal\/\">\n\t\t\t\t\t\t\t\t\t\t\t\t<img loading=\"lazy\" decoding=\"async\" width=\"370\" height=\"247\" src=\"https:\/\/www.codar.cl\/index\/wp-content\/uploads\/2023\/09\/Florecer-en-el-Humedal-370x247.jpg\" class=\"attachment-minimag_370_247 size-minimag_370_247 wp-post-image\" alt=\"\" srcset=\"https:\/\/www.codar.cl\/index\/wp-content\/uploads\/2023\/09\/Florecer-en-el-Humedal-370x247.jpg 370w, https:\/\/www.codar.cl\/index\/wp-content\/uploads\/2023\/09\/Florecer-en-el-Humedal-345x230.jpg 345w, https:\/\/www.codar.cl\/index\/wp-content\/uploads\/2023\/09\/Florecer-en-el-Humedal-440x294.jpg 440w, https:\/\/www.codar.cl\/index\/wp-content\/uploads\/2023\/09\/Florecer-en-el-Humedal-170x113.jpg 170w\" sizes=\"(max-width: 370px) 100vw, 370px\" \/>\t\t\t\t\t\t\t\t\t\t\t<\/a>\n\t\t\t\t\t\t\t\t\t\t<\/div>\n\t\t\t\t\t\t\t\t\t\t\t\t\t\t\t\t\t\t<div class=\"entry-content\">\n\t\t\t\t\t\t\t\t\t<div class=\"entry-header\">\t\n\t\t\t\t\t\t\t\t\t\t\t\t\t\t\t\t\t\t\t\t<h3 class=\"entry-title\">\n\t\t\t\t\t\t\t\t\t\t\t<a href=\"https:\/\/www.codar.cl\/index\/florecer-en-el-humedal\/\" title=\"Florecer en el Humedal\">Florecer en el Humedal<\/a>\n\t\t\t\t\t\t\t\t\t\t<\/h3>\n\t\t\t\t\t\t\t\t\t<\/div>\t\t\t\t\t\t\t\t\n\t\t\t\t\t\t\t\t\t<p>Los humedalos son un refugio permanente o de paso de muchas especies de flora y fauna; son mitigadores de marejadas y tsunamis.<\/p>\n\t\t\t\t\t\t\t\t\t<a href=\"https:\/\/www.codar.cl\/index\/florecer-en-el-humedal\/\" title=\"Leer m\u00e1s\">\n\t\t\t\t\t\t\t\t\t\tLeer m\u00e1s\t\t\t\t\t\t\t\t\t<\/a>\n\t\t\t\t\t\t\t\t<\/div>\n\t\t\t\t\t\t\t<\/div>\n\t\t\t\t\t\t<\/div>\n\t\t\t\t\t\t\t\t\t\t\t\t<div class=\"col-12 col-md-12 col-sm-6 blog-paralle\">\n\t\t\t\t\t\t\t<div class=\"post-7856 post type-post status-publish format-standard has-post-thumbnail hentry category-humedal-costero\">\n\t\t\t\t\t\t\t\t\t\t\t\t\t\t\t\t\t\t<div class=\"entry-cover\">\n\t\t\t\t\t\t\t\t\t\t\t<div class=\"post-meta\">\n\t\t\t\t\t\t\t\t\t\t\t\t<span class=\"byline\">Por\t\t\t\t\t\t\t\t\t\t\t\t\t<a href=\"https:\/\/www.codar.cl\/index\/author\/borrar\/\" title=\"Codar\">Codar<\/a>\n\t\t\t\t\t\t\t\t\t\t\t\t<\/span>\n\t\t\t\t\t\t\t\t\t\t\t\t<span class=\"post-date\">\n\t\t\t\t\t\t\t\t\t\t\t\t\t<a href=\"https:\/\/www.codar.cl\/index\/asiento-para-contemplar\/\">11 septiembre, 2023<\/a>\n\t\t\t\t\t\t\t\t\t\t\t\t<\/span>\n\t\t\t\t\t\t\t\t\t\t\t<\/div>\n\t\t\t\t\t\t\t\t\t\t\t<a href=\"https:\/\/www.codar.cl\/index\/asiento-para-contemplar\/\">\n\t\t\t\t\t\t\t\t\t\t\t\t<img loading=\"lazy\" decoding=\"async\" width=\"370\" height=\"247\" src=\"https:\/\/www.codar.cl\/index\/wp-content\/uploads\/2023\/09\/Asiento-para-contemplar-370x247.jpg\" class=\"attachment-minimag_370_247 size-minimag_370_247 wp-post-image\" alt=\"\" srcset=\"https:\/\/www.codar.cl\/index\/wp-content\/uploads\/2023\/09\/Asiento-para-contemplar-370x247.jpg 370w, https:\/\/www.codar.cl\/index\/wp-content\/uploads\/2023\/09\/Asiento-para-contemplar-300x200.jpg 300w, https:\/\/www.codar.cl\/index\/wp-content\/uploads\/2023\/09\/Asiento-para-contemplar-345x230.jpg 345w, https:\/\/www.codar.cl\/index\/wp-content\/uploads\/2023\/09\/Asiento-para-contemplar-440x294.jpg 440w, https:\/\/www.codar.cl\/index\/wp-content\/uploads\/2023\/09\/Asiento-para-contemplar-570x380.jpg 570w, https:\/\/www.codar.cl\/index\/wp-content\/uploads\/2023\/09\/Asiento-para-contemplar-170x113.jpg 170w, https:\/\/www.codar.cl\/index\/wp-content\/uploads\/2023\/09\/Asiento-para-contemplar.jpg 769w\" sizes=\"(max-width: 370px) 100vw, 370px\" \/>\t\t\t\t\t\t\t\t\t\t\t<\/a>\n\t\t\t\t\t\t\t\t\t\t<\/div>\n\t\t\t\t\t\t\t\t\t\t\t\t\t\t\t\t\t\t<div class=\"entry-content\">\n\t\t\t\t\t\t\t\t\t<div class=\"entry-header\">\t\n\t\t\t\t\t\t\t\t\t\t\t\t\t\t\t\t\t\t\t\t<h3 class=\"entry-title\">\n\t\t\t\t\t\t\t\t\t\t\t<a href=\"https:\/\/www.codar.cl\/index\/asiento-para-contemplar\/\" title=\"Asiento para contemplar\">Asiento para contemplar<\/a>\n\t\t\t\t\t\t\t\t\t\t<\/h3>\n\t\t\t\t\t\t\t\t\t<\/div>\t\t\t\t\t\t\t\t\n\t\t\t\t\t\t\t\t\t<p>La silla dejada al costado del humedal como tantos objetos que las personas botan, nos invita a sentarnos a contemplar el humedal.<\/p>\n\t\t\t\t\t\t\t\t\t<a href=\"https:\/\/www.codar.cl\/index\/asiento-para-contemplar\/\" title=\"Leer m\u00e1s\">\n\t\t\t\t\t\t\t\t\t\tLeer m\u00e1s\t\t\t\t\t\t\t\t\t<\/a>\n\t\t\t\t\t\t\t\t<\/div>\n\t\t\t\t\t\t\t<\/div>\n\t\t\t\t\t\t<\/div>\n\t\t\t\t\t\t<\/div><!-- Row \/- -->\n\t<nav class=\"navigation pagination\" aria-label=\"Paginaci\u00f3n de entradas\">\n\t\t<h2 class=\"screen-reader-text\">Paginaci\u00f3n de entradas<\/h2>\n\t\t<div class=\"nav-links\"><span aria-current=\"page\" class=\"page-numbers current\"><span class=\"meta-nav screen-reader-text\">Page <\/span>1<\/span>\n<a class=\"page-numbers\" href=\"https:\/\/www.codar.cl\/index\/wp-json\/wp\/v2\/pages\/7620\/page\/2\/\"><span class=\"meta-nav screen-reader-text\">Page <\/span>2<\/a>\n<span class=\"page-numbers dots\">&hellip;<\/span>\n<a class=\"page-numbers\" href=\"https:\/\/www.codar.cl\/index\/wp-json\/wp\/v2\/pages\/7620\/page\/5\/\"><span class=\"meta-nav screen-reader-text\">Page <\/span>5<\/a>\n<a class=\"next page-numbers\" href=\"https:\/\/www.codar.cl\/index\/wp-json\/wp\/v2\/pages\/7620\/page\/2\/\">Siguiente<\/a><\/div>\n\t<\/nav>\t\t\t\t\n\t\t\t<\/div><!-- Container \/- -->\n\t\t<\/div><!-- Page Content \/- -->\n\t\t[\/vc_column][vc_column width=&#8221;1\/2&#8243; offset=&#8221;vc_col-lg-4 vc_col-md-4&#8243;][vc_column_text]En el humedal, realidades se entretejen.<br \/>\nDonde el chincol y el pilpil\u00e9n aletean.<br \/>\nSus hojas susurran historias al viento.<br \/>\nMientras las garzas blancas en calma reinan.<\/p>\n<p>El mar susurra secretos al o\u00eddo del humedal.<br \/>\nDonde el chagual y las flores encuentran su hogar.<br \/>\nAguas quietas reflejan el cielo de verano.<br \/>\nDescanso escondido en este rinc\u00f3n sereno.<\/p>\n<p>En el invierno, la lluvia besa la tierra sedienta.<br \/>\nLa vida se renueva en tonos de verde esmeralda.<br \/>\nLas olas del humedal danzan con alegr\u00eda.<br \/>\nMientras colores y sue\u00f1os se entrelazan en armon\u00eda.<\/p>\n<p>Al atardecer, el sol se despide con un beso dorado,<br \/>\nLa vida se renueva en tonos de verde y alegr\u00eda,<br \/>\nEn sus aguas y su alma perdura la promesa,<br \/>\nDe un nuevo amanecer y una eterna vida compartida.[\/vc_column_text][vc_column_text]<\/p>\n<p style=\"font-weight: 400;\">Los humedales entregan diversos beneficios: proveen de agua dulce, agua potable, alimento y recursos; permiten la recarga de aguas subterr\u00e1neas; son un refugio permanente o de paso de muchas especies de flora y fauna; son mitigadores de marejadas y tsunamis: son reguladores del ciclo h\u00eddrico y del clima; son sectores de educaci\u00f3n, recreaci\u00f3n y turismo.<\/p>\n<p style=\"font-weight: 400;\">Relevar esta importancia es lo que nos llev\u00f3 a organizar el concurso de fotograf\u00eda\u00a0 &#8220;Humedal de Re\u00f1aca en Colores&#8221; que busca descubrir los maravilloso tesoros naturales que nuestro humedal de Re\u00f1aca guarda a lo largo de todo su recorrido.<\/p>\n<p>[\/vc_column_text][\/vc_column][\/vc_row]<\/p>\n","protected":false},"excerpt":{"rendered":"<p>[vc_row][vc_column cnt_spacing=&#8221;no&#8221;][vc_wp_text title=&#8221;Exposici\u00f3n de Fotograf\u00eda &#8220;Humedal de Re\u00f1aca en Colores&#8220;&#8221;][\/vc_wp_text][vc_column_text]El 23 de enero del 2020 se aprob\u00f3 la Ley de Humedales, (Ley 21.202) con lo cual se dio un importante paso para el reconocimiento de estos en Chile.\u00a0Se trata de una iniciativa que regula cu\u00e1les son las actividades que pueden llevarse a cabo dentro de [&hellip;]<\/p>\n","protected":false},"author":1,"featured_media":0,"parent":0,"menu_order":0,"comment_status":"closed","ping_status":"closed","template":"","meta":{"footnotes":""},"class_list":["post-7620","page","type-page","status-publish","hentry","has-post-thumbnail"],"rttpg_featured_image_url":null,"rttpg_author":{"display_name":"Codar","author_link":"https:\/\/www.codar.cl\/index\/author\/borrar\/"},"rttpg_comment":0,"rttpg_category":"","rttpg_excerpt":"[vc_row][vc_column cnt_spacing=&#8221;no&#8221;][vc_wp_text title=&#8221;Exposici\u00f3n de Fotograf\u00eda &#8220;Humedal de Re\u00f1aca en Colores&#8220;&#8221;][\/vc_wp_text][vc_column_text]El 23 de enero del 2020 se aprob\u00f3 la Ley de Humedales, (Ley 21.202) con lo cual se dio un importante paso para el reconocimiento de estos en Chile.\u00a0Se trata de una iniciativa que regula cu\u00e1les son las actividades que pueden llevarse a cabo dentro de&hellip;","_links":{"self":[{"href":"https:\/\/www.codar.cl\/index\/wp-json\/wp\/v2\/pages\/7620","targetHints":{"allow":["GET"]}}],"collection":[{"href":"https:\/\/www.codar.cl\/index\/wp-json\/wp\/v2\/pages"}],"about":[{"href":"https:\/\/www.codar.cl\/index\/wp-json\/wp\/v2\/types\/page"}],"author":[{"embeddable":true,"href":"https:\/\/www.codar.cl\/index\/wp-json\/wp\/v2\/users\/1"}],"replies":[{"embeddable":true,"href":"https:\/\/www.codar.cl\/index\/wp-json\/wp\/v2\/comments?post=7620"}],"version-history":[{"count":20,"href":"https:\/\/www.codar.cl\/index\/wp-json\/wp\/v2\/pages\/7620\/revisions"}],"predecessor-version":[{"id":7923,"href":"https:\/\/www.codar.cl\/index\/wp-json\/wp\/v2\/pages\/7620\/revisions\/7923"}],"wp:attachment":[{"href":"https:\/\/www.codar.cl\/index\/wp-json\/wp\/v2\/media?parent=7620"}],"curies":[{"name":"wp","href":"https:\/\/api.w.org\/{rel}","templated":true}]}}