{"id":925,"date":"2017-08-11T12:59:15","date_gmt":"2017-08-11T12:59:15","guid":{"rendered":"https:\/\/atixscripts.info\/demo\/minimagdemo\/?page_id=7"},"modified":"2023-03-13T19:53:44","modified_gmt":"2023-03-13T19:53:44","slug":"minimag-homepage-2","status":"publish","type":"page","link":"https:\/\/www.codar.cl\/index\/minimag-homepage-2\/","title":{"rendered":"Minimag Homepage 2"},"content":{"rendered":"<p>[vc_row css_animation=&#8221;fadeInUp&#8221;][vc_column width=&#8221;2\/3&#8243;]\t\n\t<!-- Slider Section -->\n\t<div class=\"container-fluid no-left-padding no-right-padding slider-section slider-section2\">\n\t\t<div class=\"image-loader spinner-image\">\n\t\t\t<div class=\"spinner\">\n\t\t\t\t<div class=\"dot1\"><\/div>\n\t\t\t\t<div class=\"dot2\"><\/div>\n\t\t\t\t<div class=\"bounce1\"><\/div>\n\t\t\t\t<div class=\"bounce2\"><\/div>\n\t\t\t\t<div class=\"bounce3\"><\/div>\n\t\t\t<\/div>\n\t\t<\/div>\n\t\t<!-- Container -->\n\t\t<div class=\"container no-padding\">\n\t\t\t<div id=\"slider-carousel-2\" class=\"carousel slide\" data-ride=\"carousel\">\n\t\t\t\t<div class=\"carousel-inner\" role=\"listbox\">\n\t\t\t\t\t\t\t\t\t\t\t\t\t<div class=\"carousel-item active\">\n\t\t\t\t\t\t\t\t\t<div class=\"row\">\n\t\t\t\t\t\t\t\t\t\t<div class=\"col-lg-8 col-sm-12 post-block post-big\">\n\t\t\t\t\t\t\t\t\t\t\t\t\t\t\t\t\t\t<div class=\"post-box 1\">\n\t\t\t\t\t\t\t\t\t<img fetchpriority=\"high\" decoding=\"async\" width=\"1920\" height=\"2560\" src=\"https:\/\/www.codar.cl\/index\/wp-content\/uploads\/2026\/09\/IMG_1179-scaled.jpeg\" class=\"attachment-minimag_770_500 size-minimag_770_500 wp-post-image\" alt=\"\" srcset=\"https:\/\/www.codar.cl\/index\/wp-content\/uploads\/2026\/09\/IMG_1179-scaled.jpeg 1920w, https:\/\/www.codar.cl\/index\/wp-content\/uploads\/2026\/09\/IMG_1179-225x300.jpeg 225w, https:\/\/www.codar.cl\/index\/wp-content\/uploads\/2026\/09\/IMG_1179-768x1024.jpeg 768w\" sizes=\"(max-width: 1920px) 100vw, 1920px\" \/>\t\t\t\t\t\t\t\t\t<div class=\"entry-content\">\n\t\t\t\t\t\t\t\t\t\t\t\t\t\t\t\t\t\t\t\t<h3><a href=\"https:\/\/www.codar.cl\/index\/musical-pasamos-agosto\/\" title=\"MUSICAL &#8220;PASAMOS AGOSTO&#8221;\">MUSICAL &#8220;PASAMOS AGOSTO&#8221;<\/a><\/h3>\n\t\t\t\t\t\t\t\t\t\t<a href=\"https:\/\/www.codar.cl\/index\/musical-pasamos-agosto\/\" title=\"Leer m\u00e1s\">\n\t\t\t\t\t\t\t\t\t\t\tLeer m\u00e1s\t\t\t\t\t\t\t\t\t\t<\/a>\n\t\t\t\t\t\t\t\t\t<\/div>\n\t\t\t\t\t\t\t\t<\/div>\n\t\t\t\t\t\t\t\t<\/div> <div class=\"col-lg-4 col-sm-12 post-block post-thumb\"> \t\t\t\t\t\t\t\t<div class=\"post-box 2\">\n\t\t\t\t\t\t\t\t\t<img decoding=\"async\" width=\"1920\" height=\"2560\" src=\"https:\/\/www.codar.cl\/index\/wp-content\/uploads\/2026\/09\/IMG_1161-scaled.jpeg\" class=\"attachment-minimag_396_248 size-minimag_396_248 wp-post-image\" alt=\"\" srcset=\"https:\/\/www.codar.cl\/index\/wp-content\/uploads\/2026\/09\/IMG_1161-scaled.jpeg 1920w, https:\/\/www.codar.cl\/index\/wp-content\/uploads\/2026\/09\/IMG_1161-225x300.jpeg 225w, https:\/\/www.codar.cl\/index\/wp-content\/uploads\/2026\/09\/IMG_1161-768x1024.jpeg 768w\" sizes=\"(max-width: 1920px) 100vw, 1920px\" \/>\t\t\t\t\t\t\t\t\t<div class=\"entry-content\">\n\t\t\t\t\t\t\t\t\t\t\t\t\t\t\t\t\t\t\t\t<h3><a href=\"https:\/\/www.codar.cl\/index\/culmina-taller-de-mosaicos-para-escala-jardin-del-mar\/\" title=\"CULMINA TALLER DE MOSAICOS PARA ESCALA JARD\u00cdN DEL MAR\">CULMINA TALLER DE MOSAICOS PARA ESCALA JARD\u00cdN DEL MAR<\/a><\/h3>\n\t\t\t\t\t\t\t\t\t\t<a href=\"https:\/\/www.codar.cl\/index\/culmina-taller-de-mosaicos-para-escala-jardin-del-mar\/\" title=\"Leer m\u00e1s\">\n\t\t\t\t\t\t\t\t\t\t\tLeer m\u00e1s\t\t\t\t\t\t\t\t\t\t<\/a>\n\t\t\t\t\t\t\t\t\t<\/div>\n\t\t\t\t\t\t\t\t<\/div>\n\t\t\t\t\t\t\t\t\t\t\t\t\t\t\t\t<div class=\"post-box 3\">\n\t\t\t\t\t\t\t\t\t<img decoding=\"async\" width=\"1920\" height=\"2560\" src=\"https:\/\/www.codar.cl\/index\/wp-content\/uploads\/2026\/08\/IMG_0988-scaled.jpeg\" class=\"attachment-minimag_396_248 size-minimag_396_248 wp-post-image\" alt=\"\" srcset=\"https:\/\/www.codar.cl\/index\/wp-content\/uploads\/2026\/08\/IMG_0988-scaled.jpeg 1920w, https:\/\/www.codar.cl\/index\/wp-content\/uploads\/2026\/08\/IMG_0988-225x300.jpeg 225w, https:\/\/www.codar.cl\/index\/wp-content\/uploads\/2026\/08\/IMG_0988-768x1024.jpeg 768w\" sizes=\"(max-width: 1920px) 100vw, 1920px\" \/>\t\t\t\t\t\t\t\t\t<div class=\"entry-content\">\n\t\t\t\t\t\t\t\t\t\t\t\t\t\t\t\t\t\t\t\t<h3><a href=\"https:\/\/www.codar.cl\/index\/firma-de-convenio-entre-codar-y-orquesta-marga-marga\/\" title=\"FIRMA DE CONVENIO ENTRE CODAR Y ORQUESTA MARGA MARGA\">FIRMA DE CONVENIO ENTRE CODAR Y ORQUESTA MARGA MARGA<\/a><\/h3>\n\t\t\t\t\t\t\t\t\t\t<a href=\"https:\/\/www.codar.cl\/index\/firma-de-convenio-entre-codar-y-orquesta-marga-marga\/\" title=\"Leer m\u00e1s\">\n\t\t\t\t\t\t\t\t\t\t\tLeer m\u00e1s\t\t\t\t\t\t\t\t\t\t<\/a>\n\t\t\t\t\t\t\t\t\t<\/div>\n\t\t\t\t\t\t\t\t<\/div>\n\t\t\t\t\t\t\t\t<\/div><\/div><\/div>\t\t\t\t\t\t\t\t<div class=\"carousel-item\">\n\t\t\t\t\t\t\t\t\t<div class=\"row\">\n\t\t\t\t\t\t\t\t\t\t<div class=\"col-lg-8 col-sm-12 post-block post-big\">\n\t\t\t\t\t\t\t\t\t\t\t\t\t\t\t\t\t\t<div class=\"post-box 1\">\n\t\t\t\t\t\t\t\t\t<img loading=\"lazy\" decoding=\"async\" width=\"1920\" height=\"2560\" src=\"https:\/\/www.codar.cl\/index\/wp-content\/uploads\/2026\/08\/IMG_0778-1-scaled.jpeg\" class=\"attachment-minimag_770_500 size-minimag_770_500 wp-post-image\" alt=\"\" srcset=\"https:\/\/www.codar.cl\/index\/wp-content\/uploads\/2026\/08\/IMG_0778-1-scaled.jpeg 1920w, https:\/\/www.codar.cl\/index\/wp-content\/uploads\/2026\/08\/IMG_0778-1-225x300.jpeg 225w, https:\/\/www.codar.cl\/index\/wp-content\/uploads\/2026\/08\/IMG_0778-1-768x1024.jpeg 768w\" sizes=\"(max-width: 1920px) 100vw, 1920px\" \/>\t\t\t\t\t\t\t\t\t<div class=\"entry-content\">\n\t\t\t\t\t\t\t\t\t\t\t\t\t\t\t\t\t\t\t\t<h3><a href=\"https:\/\/www.codar.cl\/index\/conferencia-pasajes-de-la-vida-de-bernando-ohiggins\/\" title=\"CONFERENCIA PASAJES DE LA VIDA DE BERNANDO O\u00b4HIGGINS\">CONFERENCIA PASAJES DE LA VIDA DE BERNANDO O\u00b4HIGGINS<\/a><\/h3>\n\t\t\t\t\t\t\t\t\t\t<a href=\"https:\/\/www.codar.cl\/index\/conferencia-pasajes-de-la-vida-de-bernando-ohiggins\/\" title=\"Leer m\u00e1s\">\n\t\t\t\t\t\t\t\t\t\t\tLeer m\u00e1s\t\t\t\t\t\t\t\t\t\t<\/a>\n\t\t\t\t\t\t\t\t\t<\/div>\n\t\t\t\t\t\t\t\t<\/div>\n\t\t\t\t\t\t\t\t<\/div> <div class=\"col-lg-4 col-sm-12 post-block post-thumb\"> \t\t\t\t\t\t\t\t<div class=\"post-box 2\">\n\t\t\t\t\t\t\t\t\t<img loading=\"lazy\" decoding=\"async\" width=\"1920\" height=\"2560\" src=\"https:\/\/www.codar.cl\/index\/wp-content\/uploads\/2026\/08\/IMG_0692-1-1-scaled.jpeg\" class=\"attachment-minimag_396_248 size-minimag_396_248 wp-post-image\" alt=\"\" srcset=\"https:\/\/www.codar.cl\/index\/wp-content\/uploads\/2026\/08\/IMG_0692-1-1-scaled.jpeg 1920w, https:\/\/www.codar.cl\/index\/wp-content\/uploads\/2026\/08\/IMG_0692-1-1-225x300.jpeg 225w, https:\/\/www.codar.cl\/index\/wp-content\/uploads\/2026\/08\/IMG_0692-1-1-768x1024.jpeg 768w\" sizes=\"(max-width: 1920px) 100vw, 1920px\" \/>\t\t\t\t\t\t\t\t\t<div class=\"entry-content\">\n\t\t\t\t\t\t\t\t\t\t\t\t\t\t\t\t\t\t\t\t<h3><a href=\"https:\/\/www.codar.cl\/index\/charla-salud-metabolica-y-nutricion\/\" title=\"CHARLA &#8220;SALUD METAB\u00d3LICA Y NUTRICI\u00d3N&#8221;\u00a0\">CHARLA &#8220;SALUD METAB\u00d3LICA Y NUTRICI\u00d3N&#8221;\u00a0<\/a><\/h3>\n\t\t\t\t\t\t\t\t\t\t<a href=\"https:\/\/www.codar.cl\/index\/charla-salud-metabolica-y-nutricion\/\" title=\"Leer m\u00e1s\">\n\t\t\t\t\t\t\t\t\t\t\tLeer m\u00e1s\t\t\t\t\t\t\t\t\t\t<\/a>\n\t\t\t\t\t\t\t\t\t<\/div>\n\t\t\t\t\t\t\t\t<\/div>\n\t\t\t\t\t\t\t\t\t\t\t\t\t\t\t\t<div class=\"post-box 3\">\n\t\t\t\t\t\t\t\t\t<img loading=\"lazy\" decoding=\"async\" width=\"1920\" height=\"2560\" src=\"https:\/\/www.codar.cl\/index\/wp-content\/uploads\/2026\/08\/IMG_0505-1-scaled.jpeg\" class=\"attachment-minimag_396_248 size-minimag_396_248 wp-post-image\" alt=\"\" srcset=\"https:\/\/www.codar.cl\/index\/wp-content\/uploads\/2026\/08\/IMG_0505-1-scaled.jpeg 1920w, https:\/\/www.codar.cl\/index\/wp-content\/uploads\/2026\/08\/IMG_0505-1-225x300.jpeg 225w, https:\/\/www.codar.cl\/index\/wp-content\/uploads\/2026\/08\/IMG_0505-1-768x1024.jpeg 768w\" sizes=\"(max-width: 1920px) 100vw, 1920px\" \/>\t\t\t\t\t\t\t\t\t<div class=\"entry-content\">\n\t\t\t\t\t\t\t\t\t\t\t\t\t\t\t\t\t\t\t\t<h3><a href=\"https:\/\/www.codar.cl\/index\/historia-de-la-musica-italiana\/\" title=\"HISTORIA DE LA M\u00daSICA ITALIANA\">HISTORIA DE LA M\u00daSICA ITALIANA<\/a><\/h3>\n\t\t\t\t\t\t\t\t\t\t<a href=\"https:\/\/www.codar.cl\/index\/historia-de-la-musica-italiana\/\" title=\"Leer m\u00e1s\">\n\t\t\t\t\t\t\t\t\t\t\tLeer m\u00e1s\t\t\t\t\t\t\t\t\t\t<\/a>\n\t\t\t\t\t\t\t\t\t<\/div>\n\t\t\t\t\t\t\t\t<\/div>\n\t\t\t\t\t\t\t\t<\/div><\/div><\/div>\t\t\t\t<\/div>\n\t\t\t\t<a class=\"carousel-control-prev\" href=\"#slider-carousel-2\" role=\"button\" data-slide=\"prev\">\n\t\t\t\t\t<span class=\"carousel-control-prev-icon\" aria-hidden=\"true\"><\/span>\n\t\t\t\t<\/a>\n\t\t\t\t<a class=\"carousel-control-next\" href=\"#slider-carousel-2\" role=\"button\" data-slide=\"next\">\n\t\t\t\t\t<span class=\"carousel-control-next-icon\" aria-hidden=\"true\"><\/span>\n\t\t\t\t<\/a>\n\t\t\t<\/div>\n\t\t<\/div><!-- Container \/- -->\n\t<\/div><!-- Slider Section \/- -->\n\t\t\n\t[\/vc_column][vc_column width=&#8221;1\/3&#8243;][vc_single_image image=&#8221;7282&#8243; img_size=&#8221;full&#8221; onclick=&#8221;custom_link&#8221; link=&#8221;https:\/\/www.codar.cl\/index\/cartelera-de-cine-verano-2023-en-sala-codar-renaca\/&#8221;][\/vc_column][\/vc_row][vc_row css_animation=&#8221;fadeInUp&#8221; spadding=&#8221;spaddingtop&#8221;][vc_column width=&#8221;1\/2&#8243; offset=&#8221;vc_col-lg-8 vc_col-md-8&#8243;]\t\t<!-- Page Content -->\n\t\t<div class=\"container-fluid no-left-padding no-right-padding blog-paralle-post post-layout-one\">\n\t\t\t<!-- Container -->\n\t\t\t<div class=\"container no-padding\">\n\t\t\t\t<!-- Row -->\n\t\t\t\t<div class=\"row\">\n\t\t\t\t\t\t\t\t\t\t\t<div class=\"col-12 col-md-12 col-sm-6 blog-paralle\">\n\t\t\t\t\t\t\t<div class=\"post-15087 post type-post status-publish format-standard has-post-thumbnail hentry category-sin-categoria\">\n\t\t\t\t\t\t\t\t\t\t\t\t\t\t\t\t\t\t<div class=\"entry-cover\">\n\t\t\t\t\t\t\t\t\t\t\t<div class=\"post-meta\">\n\t\t\t\t\t\t\t\t\t\t\t\t<span class=\"byline\">Por\t\t\t\t\t\t\t\t\t\t\t\t\t<a href=\"https:\/\/www.codar.cl\/index\/author\/marcela\/\" title=\"Marcela cadematorig\">Marcela cadematorig<\/a>\n\t\t\t\t\t\t\t\t\t\t\t\t<\/span>\n\t\t\t\t\t\t\t\t\t\t\t\t<span class=\"post-date\">\n\t\t\t\t\t\t\t\t\t\t\t\t\t<a href=\"https:\/\/www.codar.cl\/index\/musical-pasamos-agosto\/\">5 septiembre, 2026<\/a>\n\t\t\t\t\t\t\t\t\t\t\t\t<\/span>\n\t\t\t\t\t\t\t\t\t\t\t<\/div>\n\t\t\t\t\t\t\t\t\t\t\t<a href=\"https:\/\/www.codar.cl\/index\/musical-pasamos-agosto\/\">\n\t\t\t\t\t\t\t\t\t\t\t\t<img loading=\"lazy\" decoding=\"async\" width=\"1920\" height=\"2560\" src=\"https:\/\/www.codar.cl\/index\/wp-content\/uploads\/2026\/09\/IMG_1179-scaled.jpeg\" class=\"attachment-minimag_370_247 size-minimag_370_247 wp-post-image\" alt=\"\" srcset=\"https:\/\/www.codar.cl\/index\/wp-content\/uploads\/2026\/09\/IMG_1179-scaled.jpeg 1920w, https:\/\/www.codar.cl\/index\/wp-content\/uploads\/2026\/09\/IMG_1179-225x300.jpeg 225w, https:\/\/www.codar.cl\/index\/wp-content\/uploads\/2026\/09\/IMG_1179-768x1024.jpeg 768w\" sizes=\"(max-width: 1920px) 100vw, 1920px\" \/>\t\t\t\t\t\t\t\t\t\t\t<\/a>\n\t\t\t\t\t\t\t\t\t\t<\/div>\n\t\t\t\t\t\t\t\t\t\t\t\t\t\t\t\t\t\t<div class=\"entry-content\">\n\t\t\t\t\t\t\t\t\t<div class=\"entry-header\">\t\n\t\t\t\t\t\t\t\t\t\t\t\t\t\t\t\t\t\t\t\t<h3 class=\"entry-title\">\n\t\t\t\t\t\t\t\t\t\t\t<a href=\"https:\/\/www.codar.cl\/index\/musical-pasamos-agosto\/\" title=\"MUSICAL &#8220;PASAMOS AGOSTO&#8221;\">MUSICAL &#8220;PASAMOS AGOSTO&#8221;<\/a>\n\t\t\t\t\t\t\t\t\t\t<\/h3>\n\t\t\t\t\t\t\t\t\t<\/div>\t\t\t\t\t\t\t\t\n\t\t\t\t\t\t\t\t\t<p>Con Sala Codar repleta empezamos este mes de septiembre junto al musical \"Pasamos Agosto\" que estuvo a cargo de Rub\u00e9n G\u00e1lvez, quien revivi\u00f3 grandes cl\u00e1sicos de todos los tiempos.<\/p>\n\t\t\t\t\t\t\t\t\t<a href=\"https:\/\/www.codar.cl\/index\/musical-pasamos-agosto\/\" title=\"Leer m\u00e1s\">\n\t\t\t\t\t\t\t\t\t\tLeer m\u00e1s\t\t\t\t\t\t\t\t\t<\/a>\n\t\t\t\t\t\t\t\t<\/div>\n\t\t\t\t\t\t\t<\/div>\n\t\t\t\t\t\t<\/div>\n\t\t\t\t\t\t\t\t\t\t\t\t<div class=\"col-12 col-md-12 col-sm-6 blog-paralle\">\n\t\t\t\t\t\t\t<div class=\"post-15083 post type-post status-publish format-standard has-post-thumbnail hentry category-sin-categoria\">\n\t\t\t\t\t\t\t\t\t\t\t\t\t\t\t\t\t\t<div class=\"entry-cover\">\n\t\t\t\t\t\t\t\t\t\t\t<div class=\"post-meta\">\n\t\t\t\t\t\t\t\t\t\t\t\t<span class=\"byline\">Por\t\t\t\t\t\t\t\t\t\t\t\t\t<a href=\"https:\/\/www.codar.cl\/index\/author\/marcela\/\" title=\"Marcela cadematorig\">Marcela cadematorig<\/a>\n\t\t\t\t\t\t\t\t\t\t\t\t<\/span>\n\t\t\t\t\t\t\t\t\t\t\t\t<span class=\"post-date\">\n\t\t\t\t\t\t\t\t\t\t\t\t\t<a href=\"https:\/\/www.codar.cl\/index\/culmina-taller-de-mosaicos-para-escala-jardin-del-mar\/\">4 septiembre, 2026<\/a>\n\t\t\t\t\t\t\t\t\t\t\t\t<\/span>\n\t\t\t\t\t\t\t\t\t\t\t<\/div>\n\t\t\t\t\t\t\t\t\t\t\t<a href=\"https:\/\/www.codar.cl\/index\/culmina-taller-de-mosaicos-para-escala-jardin-del-mar\/\">\n\t\t\t\t\t\t\t\t\t\t\t\t<img loading=\"lazy\" decoding=\"async\" width=\"1920\" height=\"2560\" src=\"https:\/\/www.codar.cl\/index\/wp-content\/uploads\/2026\/09\/IMG_1161-scaled.jpeg\" class=\"attachment-minimag_370_247 size-minimag_370_247 wp-post-image\" alt=\"\" srcset=\"https:\/\/www.codar.cl\/index\/wp-content\/uploads\/2026\/09\/IMG_1161-scaled.jpeg 1920w, https:\/\/www.codar.cl\/index\/wp-content\/uploads\/2026\/09\/IMG_1161-225x300.jpeg 225w, https:\/\/www.codar.cl\/index\/wp-content\/uploads\/2026\/09\/IMG_1161-768x1024.jpeg 768w\" sizes=\"(max-width: 1920px) 100vw, 1920px\" \/>\t\t\t\t\t\t\t\t\t\t\t<\/a>\n\t\t\t\t\t\t\t\t\t\t<\/div>\n\t\t\t\t\t\t\t\t\t\t\t\t\t\t\t\t\t\t<div class=\"entry-content\">\n\t\t\t\t\t\t\t\t\t<div class=\"entry-header\">\t\n\t\t\t\t\t\t\t\t\t\t\t\t\t\t\t\t\t\t\t\t<h3 class=\"entry-title\">\n\t\t\t\t\t\t\t\t\t\t\t<a href=\"https:\/\/www.codar.cl\/index\/culmina-taller-de-mosaicos-para-escala-jardin-del-mar\/\" title=\"CULMINA TALLER DE MOSAICOS PARA ESCALA JARD\u00cdN DEL MAR\">CULMINA TALLER DE MOSAICOS PARA ESCALA JARD\u00cdN DEL MAR<\/a>\n\t\t\t\t\t\t\t\t\t\t<\/h3>\n\t\t\t\t\t\t\t\t\t<\/div>\t\t\t\t\t\t\t\t\n\t\t\t\t\t\t\t\t\t<p>Con profunda alegr\u00eda compartimos el t\u00e9rmino del \u00faltimo taller de mosaico, una iniciativa que adornar\u00e1 la emblem\u00e1tica escala de Jard\u00edn del Mar. Ver concretada esta primera etapa de la mano con el trabajo, la creatividad ...<\/p>\n\t\t\t\t\t\t\t\t\t<a href=\"https:\/\/www.codar.cl\/index\/culmina-taller-de-mosaicos-para-escala-jardin-del-mar\/\" title=\"Leer m\u00e1s\">\n\t\t\t\t\t\t\t\t\t\tLeer m\u00e1s\t\t\t\t\t\t\t\t\t<\/a>\n\t\t\t\t\t\t\t\t<\/div>\n\t\t\t\t\t\t\t<\/div>\n\t\t\t\t\t\t<\/div>\n\t\t\t\t\t\t\t\t\t\t\t\t<div class=\"col-12 col-md-12 col-sm-6 blog-paralle\">\n\t\t\t\t\t\t\t<div class=\"post-15017 post type-post status-publish format-standard has-post-thumbnail hentry category-sin-categoria\">\n\t\t\t\t\t\t\t\t\t\t\t\t\t\t\t\t\t\t<div class=\"entry-cover\">\n\t\t\t\t\t\t\t\t\t\t\t<div class=\"post-meta\">\n\t\t\t\t\t\t\t\t\t\t\t\t<span class=\"byline\">Por\t\t\t\t\t\t\t\t\t\t\t\t\t<a href=\"https:\/\/www.codar.cl\/index\/author\/marcela\/\" title=\"Marcela cadematorig\">Marcela cadematorig<\/a>\n\t\t\t\t\t\t\t\t\t\t\t\t<\/span>\n\t\t\t\t\t\t\t\t\t\t\t\t<span class=\"post-date\">\n\t\t\t\t\t\t\t\t\t\t\t\t\t<a href=\"https:\/\/www.codar.cl\/index\/firma-de-convenio-entre-codar-y-orquesta-marga-marga\/\">29 agosto, 2026<\/a>\n\t\t\t\t\t\t\t\t\t\t\t\t<\/span>\n\t\t\t\t\t\t\t\t\t\t\t<\/div>\n\t\t\t\t\t\t\t\t\t\t\t<a href=\"https:\/\/www.codar.cl\/index\/firma-de-convenio-entre-codar-y-orquesta-marga-marga\/\">\n\t\t\t\t\t\t\t\t\t\t\t\t<img loading=\"lazy\" decoding=\"async\" width=\"1920\" height=\"2560\" src=\"https:\/\/www.codar.cl\/index\/wp-content\/uploads\/2026\/08\/IMG_0988-scaled.jpeg\" class=\"attachment-minimag_370_247 size-minimag_370_247 wp-post-image\" alt=\"\" srcset=\"https:\/\/www.codar.cl\/index\/wp-content\/uploads\/2026\/08\/IMG_0988-scaled.jpeg 1920w, https:\/\/www.codar.cl\/index\/wp-content\/uploads\/2026\/08\/IMG_0988-225x300.jpeg 225w, https:\/\/www.codar.cl\/index\/wp-content\/uploads\/2026\/08\/IMG_0988-768x1024.jpeg 768w\" sizes=\"(max-width: 1920px) 100vw, 1920px\" \/>\t\t\t\t\t\t\t\t\t\t\t<\/a>\n\t\t\t\t\t\t\t\t\t\t<\/div>\n\t\t\t\t\t\t\t\t\t\t\t\t\t\t\t\t\t\t<div class=\"entry-content\">\n\t\t\t\t\t\t\t\t\t<div class=\"entry-header\">\t\n\t\t\t\t\t\t\t\t\t\t\t\t\t\t\t\t\t\t\t\t<h3 class=\"entry-title\">\n\t\t\t\t\t\t\t\t\t\t\t<a href=\"https:\/\/www.codar.cl\/index\/firma-de-convenio-entre-codar-y-orquesta-marga-marga\/\" title=\"FIRMA DE CONVENIO ENTRE CODAR Y ORQUESTA MARGA MARGA\">FIRMA DE CONVENIO ENTRE CODAR Y ORQUESTA MARGA MARGA<\/a>\n\t\t\t\t\t\t\t\t\t\t<\/h3>\n\t\t\t\t\t\t\t\t\t<\/div>\t\t\t\t\t\t\t\t\n\t\t\t\t\t\t\t\t\t<p>desde\u00a0CODAR\u00a0estamos muy felices de anunciar la firma de un importante convenio junto a la\u00a0Orquesta Marga Marga, una alianza estrat\u00e9gica pensada para impulsar y potenciar el desarrollo cultural de Re\u00f1aca.\n\n\n\nComo parte de este convenio, en noviembre ...<\/p>\n\t\t\t\t\t\t\t\t\t<a href=\"https:\/\/www.codar.cl\/index\/firma-de-convenio-entre-codar-y-orquesta-marga-marga\/\" title=\"Leer m\u00e1s\">\n\t\t\t\t\t\t\t\t\t\tLeer m\u00e1s\t\t\t\t\t\t\t\t\t<\/a>\n\t\t\t\t\t\t\t\t<\/div>\n\t\t\t\t\t\t\t<\/div>\n\t\t\t\t\t\t<\/div>\n\t\t\t\t\t\t\t\t\t\t\t\t<div class=\"col-12 col-md-12 col-sm-6 blog-paralle\">\n\t\t\t\t\t\t\t<div class=\"post-15008 post type-post status-publish format-standard has-post-thumbnail hentry category-sin-categoria\">\n\t\t\t\t\t\t\t\t\t\t\t\t\t\t\t\t\t\t<div class=\"entry-cover\">\n\t\t\t\t\t\t\t\t\t\t\t<div class=\"post-meta\">\n\t\t\t\t\t\t\t\t\t\t\t\t<span class=\"byline\">Por\t\t\t\t\t\t\t\t\t\t\t\t\t<a href=\"https:\/\/www.codar.cl\/index\/author\/marcela\/\" title=\"Marcela cadematorig\">Marcela cadematorig<\/a>\n\t\t\t\t\t\t\t\t\t\t\t\t<\/span>\n\t\t\t\t\t\t\t\t\t\t\t\t<span class=\"post-date\">\n\t\t\t\t\t\t\t\t\t\t\t\t\t<a href=\"https:\/\/www.codar.cl\/index\/conferencia-pasajes-de-la-vida-de-bernando-ohiggins\/\">27 agosto, 2026<\/a>\n\t\t\t\t\t\t\t\t\t\t\t\t<\/span>\n\t\t\t\t\t\t\t\t\t\t\t<\/div>\n\t\t\t\t\t\t\t\t\t\t\t<a href=\"https:\/\/www.codar.cl\/index\/conferencia-pasajes-de-la-vida-de-bernando-ohiggins\/\">\n\t\t\t\t\t\t\t\t\t\t\t\t<img loading=\"lazy\" decoding=\"async\" width=\"1920\" height=\"2560\" src=\"https:\/\/www.codar.cl\/index\/wp-content\/uploads\/2026\/08\/IMG_0778-1-scaled.jpeg\" class=\"attachment-minimag_370_247 size-minimag_370_247 wp-post-image\" alt=\"\" srcset=\"https:\/\/www.codar.cl\/index\/wp-content\/uploads\/2026\/08\/IMG_0778-1-scaled.jpeg 1920w, https:\/\/www.codar.cl\/index\/wp-content\/uploads\/2026\/08\/IMG_0778-1-225x300.jpeg 225w, https:\/\/www.codar.cl\/index\/wp-content\/uploads\/2026\/08\/IMG_0778-1-768x1024.jpeg 768w\" sizes=\"(max-width: 1920px) 100vw, 1920px\" \/>\t\t\t\t\t\t\t\t\t\t\t<\/a>\n\t\t\t\t\t\t\t\t\t\t<\/div>\n\t\t\t\t\t\t\t\t\t\t\t\t\t\t\t\t\t\t<div class=\"entry-content\">\n\t\t\t\t\t\t\t\t\t<div class=\"entry-header\">\t\n\t\t\t\t\t\t\t\t\t\t\t\t\t\t\t\t\t\t\t\t<h3 class=\"entry-title\">\n\t\t\t\t\t\t\t\t\t\t\t<a href=\"https:\/\/www.codar.cl\/index\/conferencia-pasajes-de-la-vida-de-bernando-ohiggins\/\" title=\"CONFERENCIA PASAJES DE LA VIDA DE BERNANDO O\u00b4HIGGINS\">CONFERENCIA PASAJES DE LA VIDA DE BERNANDO O\u00b4HIGGINS<\/a>\n\t\t\t\t\t\t\t\t\t\t<\/h3>\n\t\t\t\t\t\t\t\t\t<\/div>\t\t\t\t\t\t\t\t\n\t\t\t\t\t\t\t\t\t<p>En el marco del natalicio de Bernardo O\u2019Higgins, vivimos una jornada muy especial en nuestra\u00a0Sala CODAR\u00a0con la conferencia\u00a0\"Pasajes de la vida de O'Higgins\".\n\n\n\nA trav\u00e9s de este fascinante encuentro, recorrimos hitos fundamentales, pasajes in\u00e9ditos y el ...<\/p>\n\t\t\t\t\t\t\t\t\t<a href=\"https:\/\/www.codar.cl\/index\/conferencia-pasajes-de-la-vida-de-bernando-ohiggins\/\" title=\"Leer m\u00e1s\">\n\t\t\t\t\t\t\t\t\t\tLeer m\u00e1s\t\t\t\t\t\t\t\t\t<\/a>\n\t\t\t\t\t\t\t\t<\/div>\n\t\t\t\t\t\t\t<\/div>\n\t\t\t\t\t\t<\/div>\n\t\t\t\t\t\t\t\t\t\t\t\t<div class=\"col-12 col-md-12 col-sm-6 blog-paralle\">\n\t\t\t\t\t\t\t<div class=\"post-15007 post type-post status-publish format-standard has-post-thumbnail hentry category-sin-categoria\">\n\t\t\t\t\t\t\t\t\t\t\t\t\t\t\t\t\t\t<div class=\"entry-cover\">\n\t\t\t\t\t\t\t\t\t\t\t<div class=\"post-meta\">\n\t\t\t\t\t\t\t\t\t\t\t\t<span class=\"byline\">Por\t\t\t\t\t\t\t\t\t\t\t\t\t<a href=\"https:\/\/www.codar.cl\/index\/author\/marcela\/\" title=\"Marcela cadematorig\">Marcela cadematorig<\/a>\n\t\t\t\t\t\t\t\t\t\t\t\t<\/span>\n\t\t\t\t\t\t\t\t\t\t\t\t<span class=\"post-date\">\n\t\t\t\t\t\t\t\t\t\t\t\t\t<a href=\"https:\/\/www.codar.cl\/index\/charla-salud-metabolica-y-nutricion\/\">27 agosto, 2026<\/a>\n\t\t\t\t\t\t\t\t\t\t\t\t<\/span>\n\t\t\t\t\t\t\t\t\t\t\t<\/div>\n\t\t\t\t\t\t\t\t\t\t\t<a href=\"https:\/\/www.codar.cl\/index\/charla-salud-metabolica-y-nutricion\/\">\n\t\t\t\t\t\t\t\t\t\t\t\t<img loading=\"lazy\" decoding=\"async\" width=\"1920\" height=\"2560\" src=\"https:\/\/www.codar.cl\/index\/wp-content\/uploads\/2026\/08\/IMG_0692-1-1-scaled.jpeg\" class=\"attachment-minimag_370_247 size-minimag_370_247 wp-post-image\" alt=\"\" srcset=\"https:\/\/www.codar.cl\/index\/wp-content\/uploads\/2026\/08\/IMG_0692-1-1-scaled.jpeg 1920w, https:\/\/www.codar.cl\/index\/wp-content\/uploads\/2026\/08\/IMG_0692-1-1-225x300.jpeg 225w, https:\/\/www.codar.cl\/index\/wp-content\/uploads\/2026\/08\/IMG_0692-1-1-768x1024.jpeg 768w\" sizes=\"(max-width: 1920px) 100vw, 1920px\" \/>\t\t\t\t\t\t\t\t\t\t\t<\/a>\n\t\t\t\t\t\t\t\t\t\t<\/div>\n\t\t\t\t\t\t\t\t\t\t\t\t\t\t\t\t\t\t<div class=\"entry-content\">\n\t\t\t\t\t\t\t\t\t<div class=\"entry-header\">\t\n\t\t\t\t\t\t\t\t\t\t\t\t\t\t\t\t\t\t\t\t<h3 class=\"entry-title\">\n\t\t\t\t\t\t\t\t\t\t\t<a href=\"https:\/\/www.codar.cl\/index\/charla-salud-metabolica-y-nutricion\/\" title=\"CHARLA &#8220;SALUD METAB\u00d3LICA Y NUTRICI\u00d3N&#8221;\u00a0\">CHARLA &#8220;SALUD METAB\u00d3LICA Y NUTRICI\u00d3N&#8221;\u00a0<\/a>\n\t\t\t\t\t\t\t\t\t\t<\/h3>\n\t\t\t\t\t\t\t\t\t<\/div>\t\t\t\t\t\t\t\t\n\t\t\t\t\t\t\t\t\t<p>Una jornada de gran valor informativo se desarroll\u00f3 en Sala Codar con la charla sobre Salud Metab\u00f3lica y Nutrici\u00f3n, dictada por el Dr. Guillermo Rodr\u00edguez y la nutricionista Mar\u00eda Fernanda Tumani de Cl\u00ednica Leben.\n\n\n\nLos especialistas ...<\/p>\n\t\t\t\t\t\t\t\t\t<a href=\"https:\/\/www.codar.cl\/index\/charla-salud-metabolica-y-nutricion\/\" title=\"Leer m\u00e1s\">\n\t\t\t\t\t\t\t\t\t\tLeer m\u00e1s\t\t\t\t\t\t\t\t\t<\/a>\n\t\t\t\t\t\t\t\t<\/div>\n\t\t\t\t\t\t\t<\/div>\n\t\t\t\t\t\t<\/div>\n\t\t\t\t\t\t\t\t\t\t\t\t<div class=\"col-12 col-md-12 col-sm-6 blog-paralle\">\n\t\t\t\t\t\t\t<div class=\"post-14974 post type-post status-publish format-standard has-post-thumbnail hentry category-sin-categoria\">\n\t\t\t\t\t\t\t\t\t\t\t\t\t\t\t\t\t\t<div class=\"entry-cover\">\n\t\t\t\t\t\t\t\t\t\t\t<div class=\"post-meta\">\n\t\t\t\t\t\t\t\t\t\t\t\t<span class=\"byline\">Por\t\t\t\t\t\t\t\t\t\t\t\t\t<a href=\"https:\/\/www.codar.cl\/index\/author\/marcela\/\" title=\"Marcela cadematorig\">Marcela cadematorig<\/a>\n\t\t\t\t\t\t\t\t\t\t\t\t<\/span>\n\t\t\t\t\t\t\t\t\t\t\t\t<span class=\"post-date\">\n\t\t\t\t\t\t\t\t\t\t\t\t\t<a href=\"https:\/\/www.codar.cl\/index\/historia-de-la-musica-italiana\/\">14 agosto, 2026<\/a>\n\t\t\t\t\t\t\t\t\t\t\t\t<\/span>\n\t\t\t\t\t\t\t\t\t\t\t<\/div>\n\t\t\t\t\t\t\t\t\t\t\t<a href=\"https:\/\/www.codar.cl\/index\/historia-de-la-musica-italiana\/\">\n\t\t\t\t\t\t\t\t\t\t\t\t<img loading=\"lazy\" decoding=\"async\" width=\"1920\" height=\"2560\" src=\"https:\/\/www.codar.cl\/index\/wp-content\/uploads\/2026\/08\/IMG_0505-1-scaled.jpeg\" class=\"attachment-minimag_370_247 size-minimag_370_247 wp-post-image\" alt=\"\" srcset=\"https:\/\/www.codar.cl\/index\/wp-content\/uploads\/2026\/08\/IMG_0505-1-scaled.jpeg 1920w, https:\/\/www.codar.cl\/index\/wp-content\/uploads\/2026\/08\/IMG_0505-1-225x300.jpeg 225w, https:\/\/www.codar.cl\/index\/wp-content\/uploads\/2026\/08\/IMG_0505-1-768x1024.jpeg 768w\" sizes=\"(max-width: 1920px) 100vw, 1920px\" \/>\t\t\t\t\t\t\t\t\t\t\t<\/a>\n\t\t\t\t\t\t\t\t\t\t<\/div>\n\t\t\t\t\t\t\t\t\t\t\t\t\t\t\t\t\t\t<div class=\"entry-content\">\n\t\t\t\t\t\t\t\t\t<div class=\"entry-header\">\t\n\t\t\t\t\t\t\t\t\t\t\t\t\t\t\t\t\t\t\t\t<h3 class=\"entry-title\">\n\t\t\t\t\t\t\t\t\t\t\t<a href=\"https:\/\/www.codar.cl\/index\/historia-de-la-musica-italiana\/\" title=\"HISTORIA DE LA M\u00daSICA ITALIANA\">HISTORIA DE LA M\u00daSICA ITALIANA<\/a>\n\t\t\t\t\t\t\t\t\t\t<\/h3>\n\t\t\t\t\t\t\t\t\t<\/div>\t\t\t\t\t\t\t\t\n\t\t\t\t\t\t\t\t\t<p>.Hay canciones que no solo se escuchan... \u00a1se viven y se cantan con el alma!\u00a0\n\n\n\nAs\u00ed vivimos nuestro encuentro\u00a0\"Historia de la M\u00fasica Italiana\", un viaje en el tiempo a trav\u00e9s de los grandes cl\u00e1sicos que marcaron ...<\/p>\n\t\t\t\t\t\t\t\t\t<a href=\"https:\/\/www.codar.cl\/index\/historia-de-la-musica-italiana\/\" title=\"Leer m\u00e1s\">\n\t\t\t\t\t\t\t\t\t\tLeer m\u00e1s\t\t\t\t\t\t\t\t\t<\/a>\n\t\t\t\t\t\t\t\t<\/div>\n\t\t\t\t\t\t\t<\/div>\n\t\t\t\t\t\t<\/div>\n\t\t\t\t\t\t<\/div><!-- Row \/- -->\n\t<nav class=\"navigation pagination\" aria-label=\"Paginaci\u00f3n de entradas\">\n\t\t<h2 class=\"screen-reader-text\">Paginaci\u00f3n de entradas<\/h2>\n\t\t<div class=\"nav-links\"><span aria-current=\"page\" class=\"page-numbers current\"><span class=\"meta-nav screen-reader-text\">Page <\/span>1<\/span>\n<a class=\"page-numbers\" href=\"https:\/\/www.codar.cl\/index\/wp-json\/wp\/v2\/pages\/925\/page\/2\/\"><span class=\"meta-nav screen-reader-text\">Page <\/span>2<\/a>\n<span class=\"page-numbers dots\">&hellip;<\/span>\n<a class=\"page-numbers\" href=\"https:\/\/www.codar.cl\/index\/wp-json\/wp\/v2\/pages\/925\/page\/111\/\"><span class=\"meta-nav screen-reader-text\">Page <\/span>111<\/a>\n<a class=\"next page-numbers\" href=\"https:\/\/www.codar.cl\/index\/wp-json\/wp\/v2\/pages\/925\/page\/2\/\">Siguiente<\/a><\/div>\n\t<\/nav>\t\t\t\t\n\t\t\t<\/div><!-- Container \/- -->\n\t\t<\/div><!-- Page Content \/- -->\n\t\t[\/vc_column][vc_column width=&#8221;1\/2&#8243; offset=&#8221;vc_col-lg-4 vc_col-md-4&#8243;][vc_widget_sidebar sidebar_id=&#8221;sidebar-1&#8243;][\/vc_column][\/vc_row][vc_row css_animation=&#8221;fadeInUp&#8221;][vc_column][vc_basic_grid post_type=&#8221;ids&#8221; style=&#8221;load-more&#8221; items_per_page=&#8221;4&#8243; element_width=&#8221;3&#8243; initial_loading_animation=&#8221;bounce&#8221; btn_title=&#8221;Leer m\u00e1s&#8221; btn_align=&#8221;center&#8221; grid_id=&#8221;vc_gid:1678737201314-1f40b27e594df098c845f5ed2a2d90da-7&#8243; include=&#8221;1042, 1044, 1046, 1048&#8243;][\/vc_column][\/vc_row]<\/p>\n","protected":false},"excerpt":{"rendered":"<p>[vc_row css_animation=&#8221;fadeInUp&#8221;][vc_column width=&#8221;2\/3&#8243;][\/vc_column][vc_column width=&#8221;1\/3&#8243;][vc_single_image image=&#8221;7282&#8243; img_size=&#8221;full&#8221; onclick=&#8221;custom_link&#8221; link=&#8221;https:\/\/www.codar.cl\/index\/cartelera-de-cine-verano-2023-en-sala-codar-renaca\/&#8221;][\/vc_column][\/vc_row][vc_row css_animation=&#8221;fadeInUp&#8221; spadding=&#8221;spaddingtop&#8221;][vc_column width=&#8221;1\/2&#8243; offset=&#8221;vc_col-lg-8 vc_col-md-8&#8243;][\/vc_column][vc_column width=&#8221;1\/2&#8243; offset=&#8221;vc_col-lg-4 vc_col-md-4&#8243;][vc_widget_sidebar sidebar_id=&#8221;sidebar-1&#8243;][\/vc_column][\/vc_row][vc_row css_animation=&#8221;fadeInUp&#8221;][vc_column][vc_basic_grid post_type=&#8221;ids&#8221; style=&#8221;load-more&#8221; items_per_page=&#8221;4&#8243; element_width=&#8221;3&#8243; initial_loading_animation=&#8221;bounce&#8221; btn_title=&#8221;Leer m\u00e1s&#8221; btn_align=&#8221;center&#8221; grid_id=&#8221;vc_gid:1678737201314-1f40b27e594df098c845f5ed2a2d90da-7&#8243; include=&#8221;1042, 1044, 1046, 1048&#8243;][\/vc_column][\/vc_row]<\/p>\n","protected":false},"author":1,"featured_media":0,"parent":0,"menu_order":0,"comment_status":"closed","ping_status":"closed","template":"","meta":{"footnotes":""},"class_list":["post-925","page","type-page","status-publish","hentry","has-post-thumbnail"],"rttpg_featured_image_url":null,"rttpg_author":{"display_name":"Codar","author_link":"https:\/\/www.codar.cl\/index\/author\/borrar\/"},"rttpg_comment":0,"rttpg_category":"","rttpg_excerpt":"[vc_row css_animation=&#8221;fadeInUp&#8221;][vc_column width=&#8221;2\/3&#8243;][\/vc_column][vc_column width=&#8221;1\/3&#8243;][vc_single_image image=&#8221;7282&#8243; img_size=&#8221;full&#8221; onclick=&#8221;custom_link&#8221; link=&#8221;https:\/\/www.codar.cl\/index\/cartelera-de-cine-verano-2023-en-sala-codar-renaca\/&#8221;][\/vc_column][\/vc_row][vc_row css_animation=&#8221;fadeInUp&#8221; spadding=&#8221;spaddingtop&#8221;][vc_column width=&#8221;1\/2&#8243; offset=&#8221;vc_col-lg-8 vc_col-md-8&#8243;][\/vc_column][vc_column width=&#8221;1\/2&#8243; offset=&#8221;vc_col-lg-4 vc_col-md-4&#8243;][vc_widget_sidebar sidebar_id=&#8221;sidebar-1&#8243;][\/vc_column][\/vc_row][vc_row css_animation=&#8221;fadeInUp&#8221;][vc_column][vc_basic_grid post_type=&#8221;ids&#8221; style=&#8221;load-more&#8221; items_per_page=&#8221;4&#8243; element_width=&#8221;3&#8243; initial_loading_animation=&#8221;bounce&#8221; btn_title=&#8221;Leer m\u00e1s&#8221; btn_align=&#8221;center&#8221; grid_id=&#8221;vc_gid:1678737201314-1f40b27e594df098c845f5ed2a2d90da-7&#8243; include=&#8221;1042, 1044, 1046, 1048&#8243;][\/vc_column][\/vc_row]","_links":{"self":[{"href":"https:\/\/www.codar.cl\/index\/wp-json\/wp\/v2\/pages\/925","targetHints":{"allow":["GET"]}}],"collection":[{"href":"https:\/\/www.codar.cl\/index\/wp-json\/wp\/v2\/pages"}],"about":[{"href":"https:\/\/www.codar.cl\/index\/wp-json\/wp\/v2\/types\/page"}],"author":[{"embeddable":true,"href":"https:\/\/www.codar.cl\/index\/wp-json\/wp\/v2\/users\/1"}],"replies":[{"embeddable":true,"href":"https:\/\/www.codar.cl\/index\/wp-json\/wp\/v2\/comments?post=925"}],"version-history":[{"count":44,"href":"https:\/\/www.codar.cl\/index\/wp-json\/wp\/v2\/pages\/925\/revisions"}],"predecessor-version":[{"id":7283,"href":"https:\/\/www.codar.cl\/index\/wp-json\/wp\/v2\/pages\/925\/revisions\/7283"}],"wp:attachment":[{"href":"https:\/\/www.codar.cl\/index\/wp-json\/wp\/v2\/media?parent=925"}],"curies":[{"name":"wp","href":"https:\/\/api.w.org\/{rel}","templated":true}]}}